{"id":14273,"date":"2022-02-16T03:50:27","date_gmt":"2022-02-16T03:50:27","guid":{"rendered":"https:\/\/www.lovingmemorials.com\/handla-om\/"},"modified":"2022-02-16T03:50:36","modified_gmt":"2022-02-16T03:50:36","slug":"handla-om","status":"publish","type":"page","link":"https:\/\/www.lovingmemorials.com\/sv\/handla-om\/","title":{"rendered":"Handla om"},"content":{"rendered":"\t\t<div data-elementor-type=\"wp-page\" data-elementor-id=\"14273\" class=\"elementor elementor-14273\" data-elementor-post-type=\"page\">\n\t\t\t\t\t\t<section class=\"elementor-section elementor-top-section elementor-element elementor-element-5312331 elementor-section-content-middle page-header elementor-section-boxed elementor-section-height-default elementor-section-height-default parallax_section_no qode_elementor_container_no\" data-id=\"5312331\" data-element_type=\"section\">\n\t\t\t\t\t\t<div class=\"elementor-container elementor-column-gap-no\">\n\t\t\t\t\t<div class=\"elementor-column elementor-col-100 elementor-top-column elementor-element elementor-element-e8f5fcc\" data-id=\"e8f5fcc\" data-element_type=\"column\">\n\t\t\t<div class=\"elementor-widget-wrap elementor-element-populated\">\n\t\t\t\t\t\t<div class=\"elementor-element elementor-element-3d87450 elementor-widget elementor-widget-heading\" data-id=\"3d87450\" data-element_type=\"widget\" data-widget_type=\"heading.default\">\n\t\t\t\t<div class=\"elementor-widget-container\">\n\t\t\t<h1 class=\"elementor-heading-title elementor-size-default\">Om k\u00e4rleksfulla minnesm\u00e4rken<\/h1>\t\t<\/div>\n\t\t\t\t<\/div>\n\t\t\t\t<section class=\"elementor-section elementor-inner-section elementor-element elementor-element-a0018ee elementor-section-content-middle container-shadow elementor-section-boxed elementor-section-height-default elementor-section-height-default parallax_section_no qode_elementor_container_no\" data-id=\"a0018ee\" data-element_type=\"section\" data-settings=\"{&quot;background_background&quot;:&quot;classic&quot;}\">\n\t\t\t\t\t\t<div class=\"elementor-container elementor-column-gap-no\">\n\t\t\t\t\t<div class=\"elementor-column elementor-col-100 elementor-inner-column elementor-element elementor-element-1c643d0\" data-id=\"1c643d0\" data-element_type=\"column\">\n\t\t\t<div class=\"elementor-widget-wrap elementor-element-populated\">\n\t\t\t\t\t\t<div class=\"elementor-element elementor-element-e1e7f26 elementor-widget__width-initial elementor-widget-mobile__width-inherit elementor-widget elementor-widget-text-editor\" data-id=\"e1e7f26\" data-element_type=\"widget\" data-widget_type=\"text-editor.default\">\n\t\t\t\t<div class=\"elementor-widget-container\">\n\t\t\t\t\t\t\t<p>Loving Memorials \u00e4r en tj\u00e4nst som l\u00e5ter dig enkelt skapa ett elegant onlineminnesm\u00e4rke f\u00f6r din \u00e4lskade.<\/p>\n<p>A Loving Memorial \u00e4r sofistikerad i sin enkelhet. Den har en stilren design och ger en unik visuell upplevelse. Vi tror att mindre \u00e4r mer n\u00e4r det g\u00e4ller att hedra och hylla ett liv.<\/p>\n<p>Ett k\u00e4rleksfullt minne \u00e4r fokuserat p\u00e5 din \u00e4lskade. Det finns minimalt med f\u00f6retagets varum\u00e4rke och inga annonser, inklusive l\u00e4nkar f\u00f6r att skapa ett minnesm\u00e4rke f\u00f6r n\u00e5gon annan. Din \u00e4lskade \u00e4r hj\u00e4lten i denna ber\u00e4ttelse. <\/p>\n<p>Sk\u00f6nhet fl\u00f6dar ur denna enkelhet som g\u00f6r det enkelt f\u00f6r dig att ber\u00e4tta deras historia. Du delar ditt k\u00e4rleksfulla minne med familj och v\u00e4nner f\u00f6r att minnas och fira deras liv, s\u00e5 att de alltid kommer ih\u00e5g dem.<\/p>\n\t\t\t\t\t\t<\/div>\n\t\t\t\t<\/div>\n\t\t\t\t<div class=\"elementor-element elementor-element-7b7c1e2 elementor-widget__width-initial elementor-widget-mobile__width-inherit elementor-widget elementor-widget-text-editor\" data-id=\"7b7c1e2\" data-element_type=\"widget\" data-widget_type=\"text-editor.default\">\n\t\t\t\t<div class=\"elementor-widget-container\">\n\t\t\t\t\t\t\t<p><a href=\"https:\/\/www.lovingmemorials.com\/wp-content\/uploads\/2021\/04\/Loving-Memorial-Tony-e1640665696723.png\"><img fetchpriority=\"high\" decoding=\"async\" class=\"alignnone wp-image-7003 size-large\" src=\"https:\/\/www.lovingmemorials.com\/wp-content\/uploads\/2021\/04\/Loving-Memorial-Tony-1024x768.png\" alt=\"Loving Memorial Tony\" width=\"1024\" height=\"768\"><\/a><\/p>\n\t\t\t\t\t\t<\/div>\n\t\t\t\t<\/div>\n\t\t\t\t<div class=\"elementor-element elementor-element-d694f8d elementor-widget elementor-widget-text-editor\" data-id=\"d694f8d\" data-element_type=\"widget\" data-widget_type=\"text-editor.default\">\n\t\t\t\t<div class=\"elementor-widget-container\">\n\t\t\t\t\t\t\t<h2 id=\"founders-message\">Ett meddelande fr\u00e5n Brian, en av v\u00e5ra grundare<\/h2>\n<p>Under min pappas senare \u00e5r minns jag att han en g\u00e5ng sa till mig:<\/p>\n<blockquote>\n<p>Jag m\u00e5ste skriva ner alla st\u00e4llen jag har varit p\u00e5 och allt jag sett.<\/p>\n<\/blockquote>\n\t\t\t\t\t\t<\/div>\n\t\t\t\t<\/div>\n\t\t\t\t<div class=\"elementor-element elementor-element-3f8cf48 elementor-widget__width-initial elementor-widget-mobile__width-inherit elementor-widget elementor-widget-text-editor\" data-id=\"3f8cf48\" data-element_type=\"widget\" data-widget_type=\"text-editor.default\">\n\t\t\t\t<div class=\"elementor-widget-container\">\n\t\t\t\t\t\t\t<p style=\"background-color: #ffffff;\">Jag f\u00f6rstod att min pappa ville att hans liv skulle ha betydelse, att han ville bli ih\u00e5gkommen och inte gl\u00f6mmas bort.<\/p>\n<p style=\"background-color: #ffffff;\">Men resten var inte klart f\u00f6r mig. Jag minns att jag t\u00e4nkte: &#8221;<i>Var ska vi skriva ner detta? Vem kommer att se det?&#8221; <\/i><\/p>\n<p style=\"background-color: #ffffff;\">\u00c5r senare, efter att min far hade g\u00e5tt bort, b\u00f6rjade jag arbeta inom begravningsbranschen och jag f\u00f6rstod vad han sa till mig.<\/p>\n<p style=\"background-color: #ffffff;\">Jag designade d\u00f6dsruna programvara och jag ins\u00e5g att sk\u00f6nheten och dyrbarheten i ett liv inte f\u00e5ngades i en d\u00f6dsruna.<\/p>\n<p style=\"background-color: #ffffff;\">Jag tittade p\u00e5 erbjudanden p\u00e5 webbsidor f\u00f6r minnesm\u00e4rken och k\u00e4nde att de h\u00f6ll p\u00e5 att missa. De var upptagna och f\u00f6rvirrande. De saknade fokus och f\u00e5ngade inte ett liv med sk\u00f6nhet.<\/p>\n<p style=\"background-color: #ffffff;\">Det beh\u00f6vdes n\u00e5got annat. Jag hj\u00e4lpte till att skapa Loving Memorials f\u00f6r att bevara och fira historien om ett liv med enkelhet och sk\u00f6nhet.<\/p>\n<p style=\"background-color: #ffffff;\">Det k\u00e4rleksfulla minnesm\u00e4rket f\u00f6r min far, Antonio Gomes, var det f\u00f6rsta k\u00e4rleksminnesm\u00e4rket som skapades. N\u00e4r jag skapade den var jag stolt \u00f6ver att dela den med familj och v\u00e4nner. Nu \u00e4r jag stolt \u00f6ver att dela det med v\u00e4rlden, med vetskapen om att jag har hedrat min fars \u00f6nskan att inte bli bortgl\u00f6md.<\/p>\n\t\t\t\t\t\t<\/div>\n\t\t\t\t<\/div>\n\t\t\t\t<div class=\"elementor-element elementor-element-f2d987c elementor-widget__width-initial elementor-widget-mobile__width-inherit elementor-widget elementor-widget-text-editor\" data-id=\"f2d987c\" data-element_type=\"widget\" data-widget_type=\"text-editor.default\">\n\t\t\t\t<div class=\"elementor-widget-container\">\n\t\t\t\t\t\t\t<p><a href=\"https:\/\/www.lovingmemorials.com\/wp-content\/uploads\/2021\/10\/Brian_Dad.jpeg\"><img decoding=\"async\" class=\"alignnone wp-image-1529 size-full\" src=\"https:\/\/www.lovingmemorials.com\/wp-content\/uploads\/2021\/10\/Brian_Dad.jpeg\" alt=\"Image of Brian kneeling beside his dad sitting in a chair\" width=\"768\" height=\"1024\" srcset=\"https:\/\/www.lovingmemorials.com\/wp-content\/uploads\/2021\/10\/Brian_Dad.jpeg 768w, https:\/\/www.lovingmemorials.com\/wp-content\/uploads\/2021\/10\/Brian_Dad-225x300.jpeg 225w, https:\/\/www.lovingmemorials.com\/wp-content\/uploads\/2021\/10\/Brian_Dad-600x800.jpeg 600w, https:\/\/www.lovingmemorials.com\/wp-content\/uploads\/2021\/10\/Brian_Dad-700x933.jpeg 700w\" sizes=\"(max-width: 768px) 100vw, 768px\" \/><\/a><br \/><span style=\"color: #727272;\">Brian och hans far, Tony Gomes<\/span><\/p>\n\t\t\t\t\t\t<\/div>\n\t\t\t\t<\/div>\n\t\t\t\t<div class=\"elementor-element elementor-element-a313b5c elementor-widget elementor-widget-text-editor\" data-id=\"a313b5c\" data-element_type=\"widget\" data-widget_type=\"text-editor.default\">\n\t\t\t\t<div class=\"elementor-widget-container\">\n\t\t\t\t\t\t\t<h3 id=\"remembrance\">En ov\u00e4ntad n\u00e4rhet genom minne<\/h3>\n<p>Jag blev f\u00f6rv\u00e5nad \u00f6ver vad som h\u00e4nde mig i processen att skapa min fars k\u00e4rleksfulla minnesm\u00e4rke. N\u00e4r jag lade till bilder och ber\u00e4ttade historien om hans liv var det s\u00e5 mycket jag upplevde personligen.<\/p>\n<p>Det fanns leenden och skratt, tillsammans med stolthet, tacksamhet, tr\u00f6st, helande och firande. Men framf\u00f6r allt fanns det k\u00e4rlek. Det f\u00f6rde mig s\u00e5 mycket n\u00e4rmare honom, och det var d\u00e5 jag f\u00f6rstod Loving Memorials tydligare.<\/p>\n<p>Jag ins\u00e5g att f\u00f6r att en \u00e4lskad inte ska gl\u00f6mmas bort, betyder det att vi, de levande, kommer ih\u00e5g dem. Genom minneshandlingen k\u00e4nner vi k\u00e4rlek och \u00e4r n\u00e4rmare dem. Det \u00e4r d\u00e4rf\u00f6r det \u00e4r s\u00e5 viktigt att inte gl\u00f6mmas bort &#8211; det \u00e4r viktigt f\u00f6r v\u00e5r \u00e4lskade och f\u00f6r oss.<\/p>\n<p>Om du v\u00e4ljer att skapa ett k\u00e4rleksfullt minnesm\u00e4rke f\u00f6r din \u00e4lskade, \u00f6nskar jag att du k\u00e4nner den k\u00e4rlek och n\u00e4rhet som jag k\u00e4nde f\u00f6r min far n\u00e4r jag skapade hans k\u00e4rleksfulla minnesm\u00e4rke.<\/p>\n<p>-Brian Gomes<\/p>\n<p>En grundare av k\u00e4rleksfulla minnesm\u00e4rken<\/p>\n<h2>Om v\u00e5rt team och varf\u00f6r vi g\u00f6r detta<\/h2>\n\t\t\t\t\t\t<\/div>\n\t\t\t\t<\/div>\n\t\t\t\t<div class=\"elementor-element elementor-element-159e0c1 elementor-widget-mobile__width-inherit elementor-widget elementor-widget-text-editor\" data-id=\"159e0c1\" data-element_type=\"widget\" data-widget_type=\"text-editor.default\">\n\t\t\t\t<div class=\"elementor-widget-container\">\n\t\t\t\t\t\t\t<p>Loving Memorials skapades av ett team som har \u00e4gnat \u00e5r \u00e5t att skapa och utveckla d\u00f6dsrunal\u00f6sningar f\u00f6r begravningsbyr\u00e5er runt om i v\u00e4rlden.<\/p>\n<blockquote>\n<p>Vi \u00e4r hedrade \u00f6ver att ha f\u00e5tt mer \u00e4n 200 000 liv ih\u00e5gkommen i v\u00e5r programvara och vi har precis b\u00f6rjat.<\/p>\n<\/blockquote>\n\t\t\t\t\t\t<\/div>\n\t\t\t\t<\/div>\n\t\t\t\t<div class=\"elementor-element elementor-element-2e13c37 elementor-widget-mobile__width-inherit elementor-widget elementor-widget-text-editor\" data-id=\"2e13c37\" data-element_type=\"widget\" data-widget_type=\"text-editor.default\">\n\t\t\t\t<div class=\"elementor-widget-container\">\n\t\t\t\t\t\t\t<p>Vi tror att sociala medier inte ger ett s\u00e4tt att komma ih\u00e5g din \u00e4lskade p\u00e5 r\u00e4tt s\u00e4tt, och vi k\u00e4nde att n\u00e5got annat beh\u00f6vdes i minnesutrymmet online.<\/p>\n<p>Vi skapade Loving Memorials f\u00f6r att bevara, dela och fira din \u00e4lskades liv med enkelhet och elegans.<\/p>\n\t\t\t\t\t\t<\/div>\n\t\t\t\t<\/div>\n\t\t\t\t\t<\/div>\n\t\t<\/div>\n\t\t\t\t\t<\/div>\n\t\t<\/section>\n\t\t\t\t\t<\/div>\n\t\t<\/div>\n\t\t\t\t\t<\/div>\n\t\t<\/section>\n\t\t\t\t<\/div>\n\t\t","protected":false},"excerpt":{"rendered":"<p>Om k\u00e4rleksfulla minnesm\u00e4rken Loving Memorials \u00e4r en tj\u00e4nst som l\u00e5ter dig enkelt skapa ett elegant onlineminnesm\u00e4rke f\u00f6r din \u00e4lskade. A Loving Memorial \u00e4r sofistikerad i sin enkelhet. Den har en stilren design och ger en unik visuell upplevelse. Vi tror att mindre \u00e4r mer n\u00e4r&#8230;<\/p>\n","protected":false},"author":1,"featured_media":0,"parent":0,"menu_order":0,"comment_status":"closed","ping_status":"closed","template":"","meta":{"footnotes":""},"class_list":["post-14273","page","type-page","status-publish","hentry"],"_links":{"self":[{"href":"https:\/\/www.lovingmemorials.com\/sv\/wp-json\/wp\/v2\/pages\/14273","targetHints":{"allow":["GET"]}}],"collection":[{"href":"https:\/\/www.lovingmemorials.com\/sv\/wp-json\/wp\/v2\/pages"}],"about":[{"href":"https:\/\/www.lovingmemorials.com\/sv\/wp-json\/wp\/v2\/types\/page"}],"author":[{"embeddable":true,"href":"https:\/\/www.lovingmemorials.com\/sv\/wp-json\/wp\/v2\/users\/1"}],"replies":[{"embeddable":true,"href":"https:\/\/www.lovingmemorials.com\/sv\/wp-json\/wp\/v2\/comments?post=14273"}],"version-history":[{"count":1,"href":"https:\/\/www.lovingmemorials.com\/sv\/wp-json\/wp\/v2\/pages\/14273\/revisions"}],"predecessor-version":[{"id":14304,"href":"https:\/\/www.lovingmemorials.com\/sv\/wp-json\/wp\/v2\/pages\/14273\/revisions\/14304"}],"wp:attachment":[{"href":"https:\/\/www.lovingmemorials.com\/sv\/wp-json\/wp\/v2\/media?parent=14273"}],"curies":[{"name":"wp","href":"https:\/\/api.w.org\/{rel}","templated":true}]}}